{"id":40239,"date":"2025-09-16T21:31:45","date_gmt":"2025-09-16T19:31:45","guid":{"rendered":"https:\/\/vestec.cz\/?post_type=events&#038;p=40239"},"modified":"2025-09-26T12:52:10","modified_gmt":"2025-09-26T10:52:10","slug":"setkani-se-starostou","status":"publish","type":"events","link":"https:\/\/vestec.cz\/de\/events\/setkani-se-starostou\/","title":{"rendered":"Treffen mit dem B\u00fcrgermeister"},"content":{"rendered":"<p>Am Samstag, den 4. Oktober 2025, k\u00f6nnen Sie wieder mit dem B\u00fcrgermeister und der Gemeindeleitung diskutieren, und zwar von 10 bis 13 Uhr im Gemeinschaftsgarten Vestec (zwischen den Stra\u00dfen Ve Stromk\u00e1ch, Lipov\u00e1 und M\u00e1chova).<\/p>\n<p>Gleichzeitig sind wir gerne bereit, die <strong>Das Gemeinschaftszentrum stellt sich vor<\/strong>der nun auch Ihre Vorschl\u00e4ge aus der fr\u00fcheren Sitzung widerspiegelt. Welche Art von \u00c4rzten wird es im Gemeinschaftszentrum geben? Wie gro\u00df wird der Gemeindesaal sein? Und wird es auch Begegnungs- und Sozialr\u00e4ume oder Werkst\u00e4tten f\u00fcr die \u00d6ffentlichkeit geben? Kommen Sie und sehen Sie sich Beispiele f\u00fcr die Visualisierungen an. Samstag, 4. Oktober von 10 bis 13 Uhr im Gemeinschaftsgarten.<\/p>","protected":false},"template":"","acf":{"datum":"2025-10-04","uvodni_obrazek":"https:\/\/vestec.cz\/wp-content\/uploads\/2025\/09\/setkavani_kzv_podzim-e1756967481166-640x640.png"},"_links":{"self":[{"href":"https:\/\/vestec.cz\/de\/wp-json\/wp\/v2\/events\/40239"}],"collection":[{"href":"https:\/\/vestec.cz\/de\/wp-json\/wp\/v2\/events"}],"about":[{"href":"https:\/\/vestec.cz\/de\/wp-json\/wp\/v2\/types\/events"}],"wp:attachment":[{"href":"https:\/\/vestec.cz\/de\/wp-json\/wp\/v2\/media?parent=40239"}],"curies":[{"name":"wp","href":"https:\/\/api.w.org\/{rel}","templated":true}]}}