{"id":40467,"date":"2025-10-17T16:26:47","date_gmt":"2025-10-17T14:26:47","guid":{"rendered":"https:\/\/vestec.cz\/?post_type=events&#038;p=40467"},"modified":"2025-11-11T15:54:05","modified_gmt":"2025-11-11T14:54:05","slug":"farmarske-trhy-12","status":"publish","type":"events","link":"https:\/\/vestec.cz\/de\/events\/farmarske-trhy-12\/","title":{"rendered":"Bauernm\u00e4rkte"},"content":{"rendered":"<p>Wintersaison der Bauernm\u00e4rkte - die M\u00e4rkte finden nur am ersten und dritten Samstag eines jeden Monats von 9 bis 13 Uhr statt. Auch neue Erzeuger k\u00f6nnen sich anmelden.<\/p>\n<p>Freuen Sie sich auch auf frisches Brot und s\u00fc\u00dfes Geb\u00e4ck, getrocknete Gew\u00fcrze und Kr\u00e4uter, herzhafte und s\u00fc\u00dfe Marmeladen, Adventskr\u00e4nze und Trockenblumen von Bloomtique, Wurstwaren von Jan Vykro\u010dil, Tiefk\u00fchlgem\u00fcse von Agra, Produkte aus der M\u00fchle von Kott, Kaffee und Gl\u00fchwein und nat\u00fcrlich St. Martinsweine aus Velke Pavlovice.<\/p>\n<p>Veranstaltungsort: der Vestec-Gemeinschaftsgarten (Stra\u00dfe M\u00e1chova x Ve Stromk\u00e1ch).<\/p>\n<p><img decoding=\"async\" loading=\"lazy\" class=\"alignnone size-medium wp-image-40465\" src=\"https:\/\/vestec.cz\/wp-content\/uploads\/2025\/10\/trhy_zima2025-300x213.png\" alt=\"\" width=\"300\" height=\"213\" srcset=\"https:\/\/vestec.cz\/wp-content\/uploads\/2025\/10\/trhy_zima2025-300x213.png 300w, https:\/\/vestec.cz\/wp-content\/uploads\/2025\/10\/trhy_zima2025-1024x726.png 1024w, https:\/\/vestec.cz\/wp-content\/uploads\/2025\/10\/trhy_zima2025-768x544.png 768w, https:\/\/vestec.cz\/wp-content\/uploads\/2025\/10\/trhy_zima2025-1536x1089.png 1536w, https:\/\/vestec.cz\/wp-content\/uploads\/2025\/10\/trhy_zima2025-2048x1452.png 2048w, https:\/\/vestec.cz\/wp-content\/uploads\/2025\/10\/trhy_zima2025-18x12.png 18w, https:\/\/vestec.cz\/wp-content\/uploads\/2025\/10\/trhy_zima2025-1523x1080.png 1523w, https:\/\/vestec.cz\/wp-content\/uploads\/2025\/10\/trhy_zima2025-762x540.png 762w, https:\/\/vestec.cz\/wp-content\/uploads\/2025\/10\/trhy_zima2025-1320x936.png 1320w\" sizes=\"(max-width: 300px) 100vw, 300px\" \/><\/p>\n<p><a href=\"https:\/\/vestec.cz\/wp-content\/uploads\/2025\/10\/trhy_zima2025.png\">M\u00e4rkte_Winter_Saison2025.png<\/a><\/p>","protected":false},"template":"","acf":{"datum":"2025-11-15","uvodni_obrazek":"https:\/\/vestec.cz\/wp-content\/uploads\/2025\/10\/trhy_zima2025-640x640.png"},"_links":{"self":[{"href":"https:\/\/vestec.cz\/de\/wp-json\/wp\/v2\/events\/40467"}],"collection":[{"href":"https:\/\/vestec.cz\/de\/wp-json\/wp\/v2\/events"}],"about":[{"href":"https:\/\/vestec.cz\/de\/wp-json\/wp\/v2\/types\/events"}],"wp:attachment":[{"href":"https:\/\/vestec.cz\/de\/wp-json\/wp\/v2\/media?parent=40467"}],"curies":[{"name":"wp","href":"https:\/\/api.w.org\/{rel}","templated":true}]}}