{"id":32868,"date":"2022-02-02T09:26:27","date_gmt":"2022-02-02T08:26:27","guid":{"rendered":"http:\/\/www.vestec.cz.uvirt131.active24.cz\/?post_type=uredni_deska&#038;p=32868"},"modified":"2022-02-02T09:26:27","modified_gmt":"2022-02-02T08:26:27","slug":"verejna-vyhlaska-oznameni-o-navrhu-opatreni-obecne-povahy-pro-stanoveni-mistni-upravy-provozu","status":"publish","type":"uredni_deska","link":"https:\/\/vestec.cz\/de\/uredni_deska\/verejna-vyhlaska-oznameni-o-navrhu-opatreni-obecne-povahy-pro-stanoveni-mistni-upravy-provozu\/","title":{"rendered":"\u00d6ffentliche Bekanntmachung - Bekanntmachung des Entwurfs einer Ma\u00dfnahme allgemeiner Art zur Einrichtung einer \u00f6rtlichen Verkehrsregelung"},"content":{"rendered":"<p>Die Gemeinde \u010cerno\u0161ice, OS\u00da - Abteilung f\u00fcr Verkehrs- und Kommunikationsverwaltung (nachstehend \"Verwaltungsbeh\u00f6rde\" genannt), legt einen Entwurf einer Ma\u00dfnahme allgemeiner Art vor, der von der Gemeinde Vestec im Zusammenhang mit der Einf\u00fchrung einer \u00f6rtlichen Verkehrsregelung auf einer Landstra\u00dfe (Stra\u00dfe II\/603, ul. V\u00edde\u0148sk\u00e1 und der \u00f6rtlichen Stra\u00dfe ul. Pr\u016fmyslov\u00e1 und Nad Safinou I, Vestec), die in der Anbringung neuer vertikaler Verkehrszeichen, ihrer Versetzung und \u00c4nderung sowie der Markierung neuer horizontaler Verkehrszeichen bestehen, wie im Anhang (Situationszeichnung) angegeben. Die Anbringung der oben genannten Stra\u00dfenmarkierungen wird vorgeschlagen, um die Einfahrt von Transitg\u00fcterverkehr \u00fcber 12 t auf die \u00f6rtliche Stra\u00dfe zu verhindern. Nad Safina I.<\/p>\n<p>Die Verwaltungsbeh\u00f6rde fordert die betroffenen Personen auf, innerhalb von 30 Tagen nach Ver\u00f6ffentlichung dieses Entwurfs Bemerkungen und Einw\u00e4nde allgemeiner Art gegen den Ma\u00dfnahmenentwurf vorzubringen.<\/p>\n<p><a href=\"https:\/\/vestec.cz\/wp-content\/uploads\/2022\/02\/NadSafinou_DZ_02_2022.pdf\">VV- Entwurf einer Ma\u00dfnahme allgemeiner Art - DZ Nad Safina I<\/a><\/p>","protected":false},"template":"","acf":[],"_links":{"self":[{"href":"https:\/\/vestec.cz\/de\/wp-json\/wp\/v2\/uredni_deska\/32868"}],"collection":[{"href":"https:\/\/vestec.cz\/de\/wp-json\/wp\/v2\/uredni_deska"}],"about":[{"href":"https:\/\/vestec.cz\/de\/wp-json\/wp\/v2\/types\/uredni_deska"}],"wp:attachment":[{"href":"https:\/\/vestec.cz\/de\/wp-json\/wp\/v2\/media?parent=32868"}],"curies":[{"name":"wp","href":"https:\/\/api.w.org\/{rel}","templated":true}]}}