{"id":32874,"date":"2022-02-07T14:28:06","date_gmt":"2022-02-07T13:28:06","guid":{"rendered":"http:\/\/www.vestec.cz.uvirt131.active24.cz\/?post_type=uredni_deska&#038;p=32874"},"modified":"2022-02-07T14:28:06","modified_gmt":"2022-02-07T13:28:06","slug":"oznameni-o-zahajeni-rizeni-vydani-zmen-vlny-15-uzemniho-planu-sidelniho-utvaru-hl-mesta-prahy","status":"publish","type":"uredni_deska","link":"https:\/\/vestec.cz\/de\/uredni_deska\/oznameni-o-zahajeni-rizeni-vydani-zmen-vlny-15-uzemniho-planu-sidelniho-utvaru-hl-mesta-prahy\/","title":{"rendered":"Benachrichtigung \u00fcber die Einleitung des Verfahrens zur Erteilung von \u00c4nderungen der Welle 15 des Fl\u00e4chennutzungsplans der Hauptstadt Prag"},"content":{"rendered":"<p>Der Prager Stadtrat, Abteilung f\u00fcr Stadtentwicklung, informiert \u00fcber die Einleitung des Verfahrens zur Erlassung der \u00c4nderungen Z 3226\/15, Z 3244\/15, Z 3245\/15, Z 3247\/15, Z 3248\/15, Z 3249\/15 des Fl\u00e4chennutzungsplans der Hauptstadt Prag (im Folgenden \"\u00c4nderungen des Fl\u00e4chennutzungsplans\" genannt) durch die Ank\u00fcndigung einer \u00f6ffentlichen Anh\u00f6rung zu den \u00c4nderungsentw\u00fcrfen. Die \u00f6ffentliche Anh\u00f6rung findet am 9. M\u00e4rz 2022 um 11:00 Uhr per Online-Videokonferenz statt.<\/p>\n<p>Die vollst\u00e4ndigen Entw\u00fcrfe der \u00c4nderungen des Bebauungsplans und der vollst\u00e4ndige Vorschlag zum Erlass dieser \u00c4nderungen in Form einer Ma\u00dfnahme allgemeiner Art k\u00f6nnen unter www.praha.eu eingesehen werden. Stellungnahmen (betroffene Beh\u00f6rden und das Ministerium f\u00fcr Regionalentwicklung der Tschechischen Republik), Kommentare (jeder kann sie abgeben) und Einw\u00e4nde (Grundst\u00fcckseigent\u00fcmer, berechtigte Investoren und Vertreter der \u00d6ffentlichkeit) k\u00f6nnen bis einschlie\u00dflich 16. M\u00e4rz 2022 schriftlich, elektronisch oder per Datenbox eingereicht werden. Kommentare k\u00f6nnen eingereicht werden \u00fcber <a href=\"https:\/\/pup.praha.eu\/login\">System zur Unterst\u00fctzung der Raumplanung.<\/a><\/p>\n<p><a href=\"https:\/\/vestec.cz\/wp-content\/uploads\/2022\/02\/00306-PrahaVV_vlny-15.pdf\">\u00d6ffentliche Bekanntmachung - Bekanntmachung \u00fcber die Einleitung des Verfahrens zur Herausgabe von \u00c4nderungen an Wave 15.pdf<\/a><\/p>","protected":false},"template":"","acf":[],"_links":{"self":[{"href":"https:\/\/vestec.cz\/de\/wp-json\/wp\/v2\/uredni_deska\/32874"}],"collection":[{"href":"https:\/\/vestec.cz\/de\/wp-json\/wp\/v2\/uredni_deska"}],"about":[{"href":"https:\/\/vestec.cz\/de\/wp-json\/wp\/v2\/types\/uredni_deska"}],"wp:attachment":[{"href":"https:\/\/vestec.cz\/de\/wp-json\/wp\/v2\/media?parent=32874"}],"curies":[{"name":"wp","href":"https:\/\/api.w.org\/{rel}","templated":true}]}}