{"id":36488,"date":"2023-11-29T14:49:21","date_gmt":"2023-11-29T13:49:21","guid":{"rendered":"https:\/\/vestec.cz\/?post_type=uredni_deska&#038;p=36488"},"modified":"2023-11-29T14:49:21","modified_gmt":"2023-11-29T13:49:21","slug":"vyzva-k-odstraneni-vozidla-zn-renault-rz-7as-5039","status":"publish","type":"uredni_deska","link":"https:\/\/vestec.cz\/de\/uredni_deska\/vyzva-k-odstraneni-vozidla-zn-renault-rz-7as-5039\/","title":{"rendered":"Aufforderung zur Entfernung eines Fahrzeugkennzeichens Renault RZ: 7AS 5039"},"content":{"rendered":"<p>Die Gemeinde Vestec fordert den Betreiber eines Stra\u00dfenfahrzeugs der Marke Renault, VIN: VFBGRE051715638, RZ: 7AS 5039, das auf einer \u00f6ffentlich zug\u00e4nglichen gewidmeten Stra\u00dfe, der Vesteck\u00e1-Stra\u00dfe, abgestellt ist, auf, sp\u00e4testens zwei Monate nach Ver\u00f6ffentlichung dieser Aufforderung den Grund zu beseitigen, aus dem das Fahrzeug nicht auf den Stra\u00dfen betrieben werden darf, oder das Fahrzeug zu entfernen und abseits der Stra\u00dfe abzustellen.<\/p>\n<p><a href=\"https:\/\/vestec.cz\/wp-content\/uploads\/2023\/11\/04206_2023_odstraneni-vozidla-Renault-vodarna.pdf\">Aufforderung_zum_Ausbau_des_Fahrzeugs_Renault 7AS 5039.pdf<\/a><\/p>\n<p>&nbsp;<\/p>","protected":false},"template":"","acf":[],"_links":{"self":[{"href":"https:\/\/vestec.cz\/de\/wp-json\/wp\/v2\/uredni_deska\/36488"}],"collection":[{"href":"https:\/\/vestec.cz\/de\/wp-json\/wp\/v2\/uredni_deska"}],"about":[{"href":"https:\/\/vestec.cz\/de\/wp-json\/wp\/v2\/types\/uredni_deska"}],"wp:attachment":[{"href":"https:\/\/vestec.cz\/de\/wp-json\/wp\/v2\/media?parent=36488"}],"curies":[{"name":"wp","href":"https:\/\/api.w.org\/{rel}","templated":true}]}}