{"id":38412,"date":"2024-11-01T09:20:05","date_gmt":"2024-11-01T08:20:05","guid":{"rendered":"https:\/\/vestec.cz\/?post_type=uredni_deska&#038;p=38412"},"modified":"2024-11-01T09:20:05","modified_gmt":"2024-11-01T08:20:05","slug":"opatreni-obecne-povahy-stanoveni-prechodne-upravy-provozu-na-pozemni-komunikaci-vestecka-rozsviceni-stromu-30-11-2024","status":"publish","type":"uredni_deska","link":"https:\/\/vestec.cz\/de\/uredni_deska\/opatreni-obecne-povahy-stanoveni-prechodne-upravy-provozu-na-pozemni-komunikaci-vestecka-rozsviceni-stromu-30-11-2024\/","title":{"rendered":"Ma\u00dfnahmen allgemeiner Art - Einrichtung einer vor\u00fcbergehenden Verkehrsregelung auf der Stra\u00dfe Vesteck\u00e1 - Baumbeleuchtung 30.11.2024"},"content":{"rendered":"<p>Der Stadtbezirk \u010cerno\u0161ice, OS\u00da - Abteilung f\u00fcr Verkehrs- und Kommunikationsverwaltung, legt auf Vorschlag des Stadtbezirks Vestec, I\u010cO 00507644, nach R\u00fccksprache mit der Polizei der Tschechischen Republik, Regionalpolizeidirektion der Mittelb\u00f6hmischen Region, Territorialabteilung Prag - S\u00fcd, durch eine Ma\u00dfnahme allgemeiner Art eine vor\u00fcbergehende Verkehrsregelung auf den lokalen Stra\u00dfen ul. Vesteck\u00e1, K Jahod\u00e1rn\u011b, Pr\u016fb\u011b\u017en\u00e1 und Hrn\u010d\u00ed\u0159sk\u00e1 in der Gemeinde Vestec <strong>am 30.11.2024 von 14:00 - 20:00 Uhr wegen der Kulturveranstaltung \"Anz\u00fcnden des Weihnachtsbaums\". Die vor\u00fcbergehende Anordnung wird entsprechend der beigef\u00fcgten Situation gemacht werden.<\/strong><\/p>\n<p><a href=\"https:\/\/vestec.cz\/wp-content\/uploads\/2024\/11\/04314_prech_uprava_provozu_strom_241130.pdf\">04314_OOP_\u00dcbergangsoperation_Anpassung_Tree_241130.pdf<\/a><\/p>\n<p><a href=\"https:\/\/vestec.cz\/wp-content\/uploads\/2024\/11\/04314_Vestec-MK-vanocni-strom-obec-Vestec-SITUACE.pdf\">04314_situace_obj\u00ed\u017e\u010fka<\/a><\/p>","protected":false},"template":"","acf":[],"_links":{"self":[{"href":"https:\/\/vestec.cz\/de\/wp-json\/wp\/v2\/uredni_deska\/38412"}],"collection":[{"href":"https:\/\/vestec.cz\/de\/wp-json\/wp\/v2\/uredni_deska"}],"about":[{"href":"https:\/\/vestec.cz\/de\/wp-json\/wp\/v2\/types\/uredni_deska"}],"wp:attachment":[{"href":"https:\/\/vestec.cz\/de\/wp-json\/wp\/v2\/media?parent=38412"}],"curies":[{"name":"wp","href":"https:\/\/api.w.org\/{rel}","templated":true}]}}