{"id":41942,"date":"2026-04-28T08:06:36","date_gmt":"2026-04-28T06:06:36","guid":{"rendered":"https:\/\/vestec.cz\/?post_type=uredni_deska&#038;p=41942"},"modified":"2026-04-29T08:14:30","modified_gmt":"2026-04-29T06:14:30","slug":"navrh-opatreni-obecne-povahy-verejnou-vyhlaskou-regulace-netykavky-zlaznate","status":"publish","type":"uredni_deska","link":"https:\/\/vestec.cz\/en\/uredni_deska\/navrh-opatreni-obecne-povahy-verejnou-vyhlaskou-regulace-netykavky-zlaznate\/","title":{"rendered":"N\u00e1vrh opat\u0159en\u00ed obecn\u00e9 povahy ve\u0159ejnou vyhl\u00e1\u0161kou &#8211; regulace net\u00fdkavky \u017el\u00e1znat\u00e9"},"content":{"rendered":"<p>Krajsk\u00fd \u00fa\u0159ad St\u0159edo\u010desk\u00e9ho kraje, odbor \u017eivotn\u00edho prost\u0159ed\u00ed a zem\u011bd\u011blstv\u00ed (d\u00e1le jen \u201ekrajsk\u00fd \u00fa\u0159ad\u201c) jako org\u00e1n ochrany p\u0159\u00edrody v\u011bcn\u011b a m\u00edstn\u011b p\u0159\u00edslu\u0161n\u00fd vyd\u00e1v\u00e1 n\u00e1vrh opat\u0159en\u00ed obecn\u00e9 povahy:<br \/>\nT\u00edmto opat\u0159en\u00edm obecn\u00e9 povahy se v rozsahu \u00fazemn\u00ed p\u016fsobnosti Krajsk\u00e9ho \u00fa\u0159adu St\u0159edo\u010desk\u00e9ho kraje jako p\u0159\u00edslu\u0161n\u00e9ho org\u00e1nu ochrany p\u0159\u00edrody stanovuj\u00ed bli\u017e\u0161\u00ed podm\u00ednky uplat\u0148ov\u00e1n\u00ed <strong>Z\u00e1sad regulace net\u00fdkavky <\/strong><strong>\u017el\u00e1znat\u00e9 (Impatiens glandulifera) v \u010cesk\u00e9 republice (d\u00e1le jen \u201eZ\u00e1sady regulace\u201c) <\/strong>za \u00fa\u010delem jeho odstran\u011bn\u00ed, p\u0159\u00edpadn\u011b kontroly nebo izolace. Dle schv\u00e1len\u00fdch Z\u00e1sad regulace net\u00fdkavky \u017el\u00e1znat\u00e9 (Impatiens glandulifera) v \u010cesk\u00e9 republice je jako dlouhodob\u00fd c\u00edl stanovena regulace tohoto druhu, tedy zamezen\u00ed rozvoje v\u00fdskytu v dosud nezasa\u017een\u00fdch nebo m\u00e1lo zasa\u017een\u00fdch \u00fazem\u00edch a zaji\u0161t\u011bn\u00ed odstran\u011bn\u00ed, p\u0159\u00edpadn\u011b dlouhodob\u00e9ho aktivn\u00edho managementu na p\u0159\u00edrodn\u011b cenn\u00fdch lokalit\u00e1ch. Toto opat\u0159en\u00ed obecn\u00e9 povahy se vztahuje na \u00fazem\u00ed St\u0159edo\u010desk\u00e9ho kraje v kompetenci krajsk\u00e9ho \u00fa\u0159adu, tj. mimo \u00fazem\u00ed velkoplo\u0161n\u00fdch chr\u00e1n\u011bn\u00fdch \u00fazem\u00ed (CHKO Koko\u0159\u00ednsko-M\u00e1ch\u016fv kraj, CHKO \u010cesk\u00fd r\u00e1j, CHKO K\u0159ivokl\u00e1tsko, CHKO \u010cesk\u00fd kras, CHKO Brdy, CHKO Blan\u00edk).<br \/>\n2. Sou\u010dasn\u011b se pro \u00fa\u010del dle p\u0159edchoz\u00edho odstavce povoluje v\u00fdjimka ze z\u00e1kladn\u00edch podm\u00ednek ochrany p\u0159\u00edrodn\u00edch rezervac\u00ed, a ud\u011bluje souhlas k \u010dinnostem omezen\u00fdm bli\u017e\u0161\u00edmi ochrann\u00fdmi podm\u00ednkami v p\u0159\u00edrodn\u00edch rezervac\u00edch a p\u0159\u00edrodn\u00edch pam\u00e1tk\u00e1ch, jako\u017e i v jejich ochrann\u00fdch p\u00e1smech, v\u010detn\u011b vjezdu a vstupu do t\u011bchto \u00fazem\u00ed.<\/p>\n<p><a href=\"https:\/\/vestec.cz\/wp-content\/uploads\/2026\/04\/01710_Navrh_OOPVV_netykavky_zlaznate.pdf\">01710_n\u00e1vrhOOP_VV_regulace_netykavka.pdf<\/a><\/p>","protected":false},"template":"","acf":[],"_links":{"self":[{"href":"https:\/\/vestec.cz\/en\/wp-json\/wp\/v2\/uredni_deska\/41942"}],"collection":[{"href":"https:\/\/vestec.cz\/en\/wp-json\/wp\/v2\/uredni_deska"}],"about":[{"href":"https:\/\/vestec.cz\/en\/wp-json\/wp\/v2\/types\/uredni_deska"}],"wp:attachment":[{"href":"https:\/\/vestec.cz\/en\/wp-json\/wp\/v2\/media?parent=41942"}],"curies":[{"name":"wp","href":"https:\/\/api.w.org\/{rel}","templated":true}]}}